{"id":2603,"date":"2020-10-05T17:02:00","date_gmt":"2020-10-05T15:02:00","guid":{"rendered":"https:\/\/www.blonde-aquitaine.com\/?page_id=2603"},"modified":"2024-06-24T16:51:51","modified_gmt":"2024-06-24T14:51:51","slug":"elevage","status":"publish","type":"page","link":"https:\/\/www.blonde-aquitaine.com\/fr\/elevage\/","title":{"rendered":"Elevage"},"content":{"rendered":"<section class=\"wpb-content-wrapper\"><p>[vc_row full_width=&#8221;stretch_row_content_no_spaces&#8221; background_parallax=&#8221;on&#8221; uniqid=&#8221;5f733e3de3d34&#8243; css=&#8221;{&#8220;mobile_portrait&#8220;: {&#8220;margin-bottom&#8220;: &#8220;40px&#8220;,&#8220;undefined&#8220;: &#8220;Pulisci&#8220;},&#8220;mobile_landscape&#8220;: {&#8220;undefined&#8220;: &#8220;Pulisci&#8220;},&#8220;tablet_portrait&#8220;: {&#8220;undefined&#8220;: &#8220;Pulisci&#8220;},&#8220;tablet_landscape&#8220;: {&#8220;undefined&#8220;: &#8220;Pulisci&#8220;},&#8220;desktop&#8220;: {&#8220;undefined&#8220;: &#8220;Pulisci&#8220;}}&#8221; background_image=&#8221;3500&#8243;][vc_column uniqid=&#8221;5f734e5fc9cc3&#8243;]      <div class=\"heading-block heading-5f733e547dded tac h-h2  wpb_animate_when_almost_visible wpb_fadeInUp fadeInUp\">\n                  <div class=\"sub-h\">Blonde d'Aquitaine<\/div>\n                  <h2 class=\"h\">L'elevage<\/h2>\n              <\/div>\n    [\/vc_column][\/vc_row][vc_row uniqid=&#8221;5f735282ea81c&#8221; css=&#8221;{&#8220;mobile_portrait&#8220;: {&#8220;margin-bottom&#8220;: &#8220;40px&#8220;,&#8220;undefined&#8220;: &#8220;Pulisci&#8220;},&#8220;mobile_landscape&#8220;: {&#8220;undefined&#8220;: &#8220;Pulisci&#8220;},&#8220;tablet_portrait&#8220;: {&#8220;undefined&#8220;: &#8220;Pulisci&#8220;},&#8220;tablet_landscape&#8220;: {&#8220;undefined&#8220;: &#8220;Pulisci&#8220;},&#8220;desktop&#8220;: {&#8220;undefined&#8220;: &#8220;Pulisci&#8220;}}&#8221;][vc_column uniqid=&#8221;5f7754c438384&#8243;]      <div class=\"heading-block heading-5f789239923bc tal h-h3\">\n                  <div class=\"sub-h\">L'elevage<\/div>\n                  <h3 class=\"h\">Pour chaque \u00e2ge,<br \/>\ndes caract\u00e9ristiques diff\u00e9rentes<\/h3>\n              <\/div>\n        <div class=\"tabs-block tabs-block-69f5c1d4846e3 \">\r\n      <div class=\"tab-nav\">\r\n        <div class=\"prev base-icon-prev\"><\/div>\r\n        <div class=\"next base-icon-next\"><\/div>\r\n        <div class=\"swiper-container\">\r\n          <div class=\"swiper-wrapper\">\r\n                          <div class=\"swiper-slide\">Des veaux aliment\u00e9s au lait de leurs m\u00e8res<\/div>\r\n                          <div class=\"swiper-slide\">Broutards<\/div>\r\n                          <div class=\"swiper-slide\">Jeunes bovins moins d\u2019un an<\/div>\r\n                          <div class=\"swiper-slide\">Jeunes bovins ou taurillons<\/div>\r\n                          <div class=\"swiper-slide\">G\u00e9nisses de boucherie<\/div>\r\n                          <div class=\"swiper-slide\">Vaches de r\u00e9forme<\/div>\r\n                      <\/div>\r\n        <\/div>\r\n      <\/div>\r\n      <div class=\"tab-content swiper-container\">\r\n        <div class=\"swiper-wrapper\">      <div class=\"swiper-slide\">[vc_single_image image=&#8221;3159&#8243; img_size=&#8221;full&#8221; css=&#8221;.vc_custom_1608136568703{margin-top: 20px !important;margin-bottom: 10px !important;}&#8221;][vc_column_text uniqid=&#8221;5f79825619625&#8243;]Nourris exclusivement au lait maternel et \u00e9lev\u00e9s dans des cases collectives avec d\u2019autres veaux, ils t\u00e8tent leurs m\u00e8res deux fois par jour. Ils sont abattus \u00e0 l\u2019\u00e2ge de 4 ou 5 mois quand leur carcasse atteint les 150 kg. Ils sont \u00e9lev\u00e9s traditionnellement dans le Sud-Ouest de la France, souvent sous signe officiel de qualit\u00e9 (Label). Leur viande blanche est propos\u00e9e dans les boucheries traditionnelles aupr\u00e8s d\u2019une client\u00e8le sp\u00e9cifique ou chez les restaurateurs haut de gamme.[\/vc_column_text]<\/div>\r\n          <div class=\"swiper-slide\">[vc_single_image image=&#8221;3162&#8243; img_size=&#8221;full&#8221; css=&#8221;.vc_custom_1608136574086{margin-top: 20px !important;margin-bottom: 10px !important;}&#8221;][vc_column_text uniqid=&#8221;5f798400a53ce&#8221;]A la belle saison, ils suivent leurs m\u00e8res dans les p\u00e2tures et ils vivent et se nourrissent dans des milieux naturels. Au sevrage, quand ils ont entre 5 et 7 mois, selon la r\u00e9gion, ils sont envoy\u00e9s pour l\u2019engraissement dans des \u00e9levages diff\u00e9rents de ceux d\u2019origine. Pour 80% ils sont export\u00e9s en Pi\u00e9mont, en Italie, alors qu\u2019une part est destin\u00e9e \u00e0 l\u2019Espagne et une minorit\u00e9 \u00e0 l\u2019Europe nord-occidentale.[\/vc_column_text]<\/div>\r\n          <div class=\"swiper-slide\">[vc_single_image image=&#8221;3165&#8243; img_size=&#8221;full&#8221; css=&#8221;.vc_custom_1608136579031{margin-top: 20px !important;margin-bottom: 10px !important;}&#8221;][vc_column_text uniqid=&#8221;5f79882757b14&#8243;]Jeunes m\u00e2les non castr\u00e9s, engraiss\u00e9s intensivement \u00e0 base de ration s\u00e8che (paille + c\u00e9r\u00e9ales\/concentr\u00e9s) pour \u00eatre abattus entre 11 et 12 mois. Le poids de la carcasse est de 380 kg environ. Cette viande est essentiellement destin\u00e9e au march\u00e9 export pour les pays du Moyen-Orient et d\u2019Afrique du Nord.[\/vc_column_text]<\/div>\r\n          <div class=\"swiper-slide\">[vc_single_image image=&#8221;3165&#8243; img_size=&#8221;full&#8221; css=&#8221;.vc_custom_1608136584364{margin-top: 20px !important;margin-bottom: 10px !important;}&#8221;][vc_column_text uniqid=&#8221;5f798908dd1be&#8221;]M\u00e2les non castr\u00e9s, engraiss\u00e9s pour un abattage entre 13 et 15 mois dans les ateliers fran\u00e7ais d\u2019engraissement. L\u2019alimentation est \u00e0 base de c\u00e9r\u00e9ales et d\u2019ensilage de ma\u00efs, le poids moyen de la carcasse est de 450 \u00e0 470 kg. Ils sont pris\u00e9s dans certaines r\u00e9gions, o\u00f9 on pr\u00e9f\u00e8re la viande peu grasse, claire et tendre (Nord de la France, r\u00e9gion de Lyon) et dans la restauration collective.[\/vc_column_text]<\/div>\r\n          <div class=\"swiper-slide\">[vc_single_image image=&#8221;3168&#8243; img_size=&#8221;full&#8221; css=&#8221;.vc_custom_1608136588960{margin-top: 20px !important;margin-bottom: 10px !important;}&#8221;][vc_column_text uniqid=&#8221;5f7b363562719&#8243;]Jeunes femelles souvent bien conform\u00e9es, non mises \u00e0 la reproduction et conduites \u00e0 l\u2019engraissement sur le mod\u00e8le des taurillons. L\u2019abattage a lieu de 28 \u00e0 32 mois pour des carcasses de 420 \u00e0 450 kg. La production est encore assez peu d\u00e9velopp\u00e9e, \u00e0 l\u2019exception de l\u2019Ouest de la France.[\/vc_column_text]<\/div>\r\n          <div class=\"swiper-slide\">[vc_single_image image=&#8221;3156&#8243; img_size=&#8221;full&#8221; css=&#8221;.vc_custom_1608136593904{margin-top: 20px !important;margin-bottom: 10px !important;}&#8221;][vc_column_text uniqid=&#8221;5f7b364a55332&#8243;]L\u2019\u00e2ge des animaux est variable, mais dans les signes officiels de qualit\u00e9 l\u2019abattage doit avoir lieu avant 9 ans. La p\u00e9riode de finition est de 6 \u00e0 8 mois dans les \u00e9levages (75 % des \u00e9leveurs fran\u00e7ais de Blonde d\u2019Aquitaine finissent leurs vaches) et a lieu apr\u00e8s leur carri\u00e8re de reproductrice, selon des itin\u00e9raires techniques diff\u00e9rents suivant les r\u00e9gions.<br \/>\nQuelques ateliers d\u2019engraissement sont sp\u00e9cialis\u00e9s dans cette production.<br \/>\nOn recense chaque ann\u00e9e en France autour de 100 000 vaches de r\u00e9forme de race Blonde d\u2019Aquitaine, pour un poids moyen de carcasse de 480 kg (elle est la plus lourde des races fran\u00e7aises) et 60 % des carcasses sont class\u00e9es en U, selon la cotation europ\u00e9enne.<br \/>\nCe type de viande rouge et bien finie est particuli\u00e8rement pris\u00e9 des bouchers traditionnels qui pratiquent l\u2019extension de d\u00e9coupe et valorisent aupr\u00e8s d\u2019une client\u00e8le exigeante les morceaux nobles \u00e0 cuisson rapide, fleurons de la gastronomie fran\u00e7aise.[\/vc_column_text]<\/div>\r\n    <\/div>\r\n      <\/div>\r\n    <\/div>\r\n    [\/vc_column][\/vc_row][vc_row full_width=&#8221;stretch_row_content_no_spaces&#8221; background_parallax=&#8221;on&#8221; uniqid=&#8221;60080ce853363&#8243; background_image=&#8221;3348&#8243;][vc_column]    <div class=\"video-block video-block-60080c998fc50 style3 fix-height\" style=\"min-height: 200px;\">\n      \t\t\n\t\t              <div class=\"container\">\n                      <div class=\"wrap\">\n                    <div class=\"row\">\n            <div class=\"col content-block\">\n              <div class=\"content\">\n                    <div class=\"heading-block \">\n              <div class=\"h h2\">Elevage<\/div>\n          <\/div>\n                                  <\/div>\n            <\/div>\n            <div class=\"col video-button-block\">\n              <div class=\"video-button single-popup-item\" data-type=\"video\" data-size=\"1920x1080\" data-video='<div class=\"wrapper\"><div class=\"video-wrapper\"><iframe class=\"pswp__video lazyload\" width=\"1920\" height=\"1080\" data-src=\"https:\/\/youtube.com\/embed\/y_Ojf9bN87g\" frameborder=\"0\" allowfullscreen=\"\" src=\"data:image\/gif;base64,R0lGODlhAQABAAAAACH5BAEKAAEALAAAAAABAAEAAAICTAEAOw==\" data-load-mode=\"1\"><\/iframe><\/div><\/div>'>\n                <span class=\"icon\">\n                  <i class=\"base-icon-play-button\"><\/i>\n                <\/span>\n                                  <span>Voir la vid\u00e9o<\/span>\n                              <\/div>\n            <\/div>\n          <\/div>\n                      <\/div>\n                  <\/div>\n          <\/div>\n    [\/vc_column][\/vc_row][vc_row][vc_column][vc_empty_space height=&#8221;20px&#8221;][vc_single_image image=&#8221;2526&#8243; img_size=&#8221;full&#8221; alignment=&#8221;center&#8221; css_animation=&#8221;fadeIn&#8221;][\/vc_column][\/vc_row][vc_row el_class=&#8221;hide-desktop&#8221; uniqid=&#8221;602d28e95ee52&#8243;][vc_column][vc_single_image image=&#8221;3018&#8243; img_size=&#8221;full&#8221; css_animation=&#8221;fadeInUp&#8221; css=&#8221;.vc_custom_1613572326658{margin-top: 0px !important;margin-bottom: 0px !important;}&#8221;][\/vc_column][\/vc_row][vc_row full_width=&#8221;stretch_row&#8221; background_parallax=&#8221;on&#8221; text_overlay=&#8221;on&#8221; uniqid=&#8221;5f775d6008098&#8243; text_overlay_text=&#8221;Caract\u00e9ristiques.&#8221; text_overlay_offset=&#8221;0&#8243; text_overlay_hex=&#8221;rgba(255,255,255,0.39)&#8221; background_offset_top=&#8221;100&#8243; background_image=&#8221;2184&#8243; el_class=&#8221;parallax&#8221;][vc_column][vc_row_inner][vc_column_inner el_class=&#8221;testo&#8221; width=&#8221;2\/3&#8243; css=&#8221;.vc_custom_1613572281244{background-color: rgba(255,255,255,0.85) !important;*background-color: rgb(255,255,255) !important;}&#8221;]      <div class=\"heading-block heading-5f77521eb3a35 tal h-h3\">\n                  <div class=\"sub-h\">Habitudes de consommation en France<\/div>\n                  <h3 class=\"h\">Caract\u00e9ristiques<br \/>\norganoleptiques<\/h3>\n              <\/div>\n    [vc_column_text uniqid=&#8221;5f774c66b44d9&#8243; css=&#8221;{&#8220;mobile_portrait&#8220;: {&#8220;margin-right&#8220;: &#8220;20px&#8220;,&#8220;margin-left&#8220;: &#8220;20px&#8220;}}&#8221;]La viande de race Blonde d&#8217;Aquitaine se distingue aussi bien aupr\u00e8s des professionnels de la fili\u00e8re qu&#8217;aupr\u00e8s des consommateurs non avertis par <strong>une tendret\u00e9 naturelle exceptionnelle<\/strong>. Cette caract\u00e9ristique particuli\u00e8re en fait une viande unique tr\u00e8s pris\u00e9e.<br \/>\nUne autre signature des viandes de Blonde d&#8217;Aquitaine est <strong>la finesse de la fibre musculaire et la faiblesse des d\u00e9p\u00f4ts de gras<\/strong>, qui en font un produit di\u00e9t\u00e9tique sans alt\u00e9rer les qualit\u00e9s gustatives.<br \/>\nEn France, les consommateurs se tournent essentiellement par tradition vers la viande des femelles ; issue des vaches de r\u00e9forme, qui connaissent une longue phase d\u2019engraissement et de finition, avant abattage et une fois que leur carri\u00e8re dans l\u2019\u00e9levage est achev\u00e9e.<br \/>\nAinsi, il s\u2019abat aujourd\u2019hui chaque ann\u00e9e en France entre <strong>90 000 et 100 000 vaches<\/strong> Blonde d&#8217;Aquitaine, destin\u00e9es au march\u00e9 national.<br \/>\nLa majorit\u00e9 de ces animaux haut de gamme est valoris\u00e9e dans les boucheries artisanales traditionnelles et dans les rayons traditionnels des grandes et moyennes surfaces, sous signe officiel de qualit\u00e9 ou marques sp\u00e9cifiques, sous forme de pi\u00e9c\u00e9s. Ainsi les consommateurs viennent acheter des morceaux nobles \u00e0 braiser ou \u00e0 r\u00f4tir : filet, tournedos, c\u00f4te \u00e0 l\u2019os, faux filet, rumsteck, entrec\u00f4te, bavette pour les d\u00e9guster en famille, avec des amis ou lors des moments festifs.<br \/>\nEt la Blonde d&#8217;Aquitaine, race \u00e0 viande sp\u00e9cialis\u00e9e et de grand format, au rendement sup\u00e9rieur, permet, gr\u00e2ce \u00e0 sa conformation et \u00e0 ses sp\u00e9cificit\u00e9s, cette extension de d\u00e9coupe, pour aller chercher plus de morceaux nobles ; \u00e0 condition de bien savoir la travailler.<br \/>\nEn r\u00e9sum\u00e9, on peut dire que l\u2019on a une race naturellement tendre et g\u00e9n\u00e9reuse.[\/vc_column_text][\/vc_column_inner][vc_column_inner el_class=&#8221;empty&#8221; width=&#8221;1\/3&#8243;][\/vc_column_inner][\/vc_row_inner][\/vc_column][\/vc_row][vc_row css=&#8221;{&#8220;mobile_portrait&#8220;: {&#8220;margin-bottom&#8220;: &#8220;40px&#8220;,&#8220;undefined&#8220;: &#8220;Pulisci&#8220;},&#8220;mobile_landscape&#8220;: {&#8220;undefined&#8220;: &#8220;Pulisci&#8220;},&#8220;tablet_portrait&#8220;: {&#8220;undefined&#8220;: &#8220;Pulisci&#8220;},&#8220;tablet_landscape&#8220;: {&#8220;undefined&#8220;: &#8220;Pulisci&#8220;},&#8220;desktop&#8220;: {&#8220;undefined&#8220;: &#8220;Pulisci&#8220;}}&#8221;][vc_column]      <div class=\"heading-block heading-5f8eff88ebfc7 tal h-h3\">\n                  <div class=\"sub-h\">Label<\/div>\n                  <h3 class=\"h\">Note label viande de race Blonde d'Aquitaine<\/h3>\n              <\/div>\n    [vc_row_inner][vc_column_inner width=&#8221;1\/6&#8243;][vc_single_image image=&#8221;3153&#8243; img_size=&#8221;full&#8221; css_animation=&#8221;fadeInLeft&#8221; css=&#8221;.vc_custom_1608135621501{margin-bottom: 0px !important;}&#8221;][\/vc_column_inner][vc_column_inner width=&#8221;5\/6&#8243;][vc_column_text uniqid=&#8221;5f8eff1fae552&#8243;]Bien \u00e9videmment il existe plusieurs labels rouges en France qui mettent en valeur l\u2019excellence de la viande Blonde d&#8217;Aquitaine, r\u00e9pondant aux exigences d\u2019un cahier des charges toujours tr\u00e8s strict. En fait, il existe deux grands types de label valorisant la Blonde d&#8217;Aquitaine :[\/vc_column_text][\/vc_column_inner][\/vc_row_inner][vc_row_inner css=&#8221;{&#8220;mobile_portrait&#8220;: {&#8220;margin-bottom&#8220;: &#8220;50px&#8220;,&#8220;undefined&#8220;: &#8220;Pulisci&#8220;},&#8220;mobile_landscape&#8220;: {&#8220;undefined&#8220;: &#8220;Pulisci&#8220;},&#8220;tablet_portrait&#8220;: {&#8220;undefined&#8220;: &#8220;Pulisci&#8220;},&#8220;tablet_landscape&#8220;: {&#8220;undefined&#8220;: &#8220;Pulisci&#8220;},&#8220;desktop&#8220;: {&#8220;undefined&#8220;: &#8220;Pulisci&#8220;}}&#8221; uniqid=&#8221;5f8effcf1c453&#8243;][vc_column_inner][vc_column_text uniqid=&#8221;5f8eff59170fa&#8221;]<\/p>\n<ul>\n<li>Des labels raciaux nationaux comme B\u0153uf Blond d\u2019Aquitaine ou la Blonde de nos Pr\u00e9s;<\/li>\n<li>Des labels de terroirs, plus locaux, o\u00f9 la Blonde d&#8217;Aquitaine figure comme race \u00e9ligible parmi d\u2019autres races par exemple B\u0153uf de Chalosse, B\u0153uf de Bazas, B\u0153uf fermier de Vend\u00e9e.<\/li>\n<\/ul>\n<p>L\u2019ambition des pouvoirs publics et de l\u2019interprofession bovine est de d\u00e9velopper de fa\u00e7on importante les labels rouges dans les prochaines ann\u00e9es pour mieux r\u00e9pondre aux attentes des consommateurs en terme de qualit\u00e9 du produit et de bien-\u00eatre des animaux, tout en valorisant le travail de l\u2019\u00e9leveur.[\/vc_column_text][\/vc_column_inner][\/vc_row_inner][\/vc_column][\/vc_row]<\/p>\n<\/section>","protected":false},"excerpt":{"rendered":"<p>[vc_row full_width=&#8221;stretch_row_content_no_spaces&#8221; background_parallax=&#8221;on&#8221; uniqid=&#8221;5f733e3de3d34&#8243; css=&#8221;{&#8220;mobile_portrait&#8220;: {&#8220;margin-bottom&#8220;: &#8220;40px&#8220;,&#8220;undefined&#8220;: &#8220;Pulisci&#8220;},&#8220;mobile_landscape&#8220;: {&#8220;undefined&#8220;: &#8220;Pulisci&#8220;},&#8220;tablet_portrait&#8220;: {&#8220;undefined&#8220;: &#8220;Pulisci&#8220;},&#8220;tablet_landscape&#8220;: {&#8220;undefined&#8220;: &#8220;Pulisci&#8220;},&#8220;desktop&#8220;: {&#8220;undefined&#8220;: &#8220;Pulisci&#8220;}}&#8221; background_image=&#8221;3500&#8243;][vc_column uniqid=&#8221;5f734e5fc9cc3&#8243;][\/vc_column][\/vc_row][vc_row uniqid=&#8221;5f735282ea81c&#8221; css=&#8221;{&#8220;mobile_portrait&#8220;: {&#8220;margin-bottom&#8220;: &#8220;40px&#8220;,&#8220;undefined&#8220;: &#8220;Pulisci&#8220;},&#8220;mobile_landscape&#8220;: {&#8220;undefined&#8220;: &#8220;Pulisci&#8220;},&#8220;tablet_portrait&#8220;: {&#8220;undefined&#8220;: &#8220;Pulisci&#8220;},&#8220;tablet_landscape&#8220;: {&#8220;undefined&#8220;: &#8220;Pulisci&#8220;},&#8220;desktop&#8220;: {&#8220;undefined&#8220;: &#8220;Pulisci&#8220;}}&#8221;][vc_column uniqid=&#8221;5f7754c438384&#8243;][\/vc_column][\/vc_row][vc_row full_width=&#8221;stretch_row_content_no_spaces&#8221; background_parallax=&#8221;on&#8221; uniqid=&#8221;60080ce853363&#8243; background_image=&#8221;3348&#8243;][vc_column][\/vc_column][\/vc_row][vc_row][vc_column][vc_empty_space height=&#8221;20px&#8221;][vc_single_image image=&#8221;2526&#8243; img_size=&#8221;full&#8221; alignment=&#8221;center&#8221; css_animation=&#8221;fadeIn&#8221;][\/vc_column][\/vc_row][vc_row el_class=&#8221;hide-desktop&#8221; uniqid=&#8221;602d28e95ee52&#8243;][vc_column][vc_single_image image=&#8221;3018&#8243; img_size=&#8221;full&#8221; css_animation=&#8221;fadeInUp&#8221; css=&#8221;.vc_custom_1613572326658{margin-top: 0px !important;margin-bottom: 0px !important;}&#8221;][\/vc_column][\/vc_row][vc_row full_width=&#8221;stretch_row&#8221; background_parallax=&#8221;on&#8221; text_overlay=&#8221;on&#8221; uniqid=&#8221;5f775d6008098&#8243; [&hellip;]<\/p>\n","protected":false},"author":8,"featured_media":0,"parent":0,"menu_order":0,"comment_status":"closed","ping_status":"closed","template":"template-landing.php","meta":{"_acf_changed":false,"_monsterinsights_skip_tracking":false,"_monsterinsights_sitenote_active":false,"_monsterinsights_sitenote_note":"","_monsterinsights_sitenote_category":0,"footnotes":""},"acf":[],"yoast_head":"<!-- This site is optimized with the Yoast SEO plugin v24.5 - https:\/\/yoast.com\/wordpress\/plugins\/seo\/ -->\n<title>Le cycle productif: le bien-\u00eatre de la Blonde d&#039;Aquitaine devient qualit\u00e9<\/title>\n<meta name=\"description\" content=\"Nous \u00e9levons seulement Blondes d&#039;Aquitaine jeunes et d\u00e9j\u00e0 sevr\u00e9es, dans le jargon Boutards, pour garantir une viande \u00e0 preuve du Consorzio Sigillo Italiano.\" \/>\n<meta name=\"robots\" content=\"index, follow, max-snippet:-1, max-image-preview:large, max-video-preview:-1\" \/>\n<link rel=\"canonical\" href=\"https:\/\/www.blonde-aquitaine.com\/fr\/elevage\/\" \/>\n<meta property=\"og:locale\" content=\"fr_FR\" \/>\n<meta property=\"og:type\" content=\"article\" \/>\n<meta property=\"og:title\" content=\"Le cycle productif: le bien-\u00eatre de la Blonde d&#039;Aquitaine devient qualit\u00e9\" \/>\n<meta property=\"og:description\" content=\"Nous \u00e9levons seulement Blondes d&#039;Aquitaine jeunes et d\u00e9j\u00e0 sevr\u00e9es, dans le jargon Boutards, pour garantir une viande \u00e0 preuve du Consorzio Sigillo Italiano.\" \/>\n<meta property=\"og:url\" content=\"https:\/\/www.blonde-aquitaine.com\/fr\/elevage\/\" \/>\n<meta property=\"og:site_name\" content=\"Blonde d&#039;Aquitaine\" \/>\n<meta property=\"article:modified_time\" content=\"2024-06-24T14:51:51+00:00\" \/>\n<meta name=\"twitter:card\" content=\"summary_large_image\" \/>\n<meta name=\"twitter:label1\" content=\"Dur\u00e9e de lecture estim\u00e9e\" \/>\n\t<meta name=\"twitter:data1\" content=\"6 minutes\" \/>\n<script type=\"application\/ld+json\" class=\"yoast-schema-graph\">{\"@context\":\"https:\/\/schema.org\",\"@graph\":[{\"@type\":\"WebPage\",\"@id\":\"https:\/\/www.blonde-aquitaine.com\/fr\/elevage\/\",\"url\":\"https:\/\/www.blonde-aquitaine.com\/fr\/elevage\/\",\"name\":\"Le cycle productif: le bien-\u00eatre de la Blonde d'Aquitaine devient qualit\u00e9\",\"isPartOf\":{\"@id\":\"https:\/\/www.blonde-aquitaine.com\/fr\/#website\"},\"datePublished\":\"2020-10-05T15:02:00+00:00\",\"dateModified\":\"2024-06-24T14:51:51+00:00\",\"description\":\"Nous \u00e9levons seulement Blondes d'Aquitaine jeunes et d\u00e9j\u00e0 sevr\u00e9es, dans le jargon Boutards, pour garantir une viande \u00e0 preuve du Consorzio Sigillo Italiano.\",\"breadcrumb\":{\"@id\":\"https:\/\/www.blonde-aquitaine.com\/fr\/elevage\/#breadcrumb\"},\"inLanguage\":\"fr-FR\",\"potentialAction\":[{\"@type\":\"ReadAction\",\"target\":[\"https:\/\/www.blonde-aquitaine.com\/fr\/elevage\/\"]}]},{\"@type\":\"BreadcrumbList\",\"@id\":\"https:\/\/www.blonde-aquitaine.com\/fr\/elevage\/#breadcrumb\",\"itemListElement\":[{\"@type\":\"ListItem\",\"position\":1,\"name\":\"Home\",\"item\":\"https:\/\/www.blonde-aquitaine.com\/fr\/\"},{\"@type\":\"ListItem\",\"position\":2,\"name\":\"Elevage\"}]},{\"@type\":\"WebSite\",\"@id\":\"https:\/\/www.blonde-aquitaine.com\/fr\/#website\",\"url\":\"https:\/\/www.blonde-aquitaine.com\/fr\/\",\"name\":\"Blonde d&#039;Aquitaine\",\"description\":\"Carne europea naturalmente tenera\",\"potentialAction\":[{\"@type\":\"SearchAction\",\"target\":{\"@type\":\"EntryPoint\",\"urlTemplate\":\"https:\/\/www.blonde-aquitaine.com\/fr\/?s={search_term_string}\"},\"query-input\":{\"@type\":\"PropertyValueSpecification\",\"valueRequired\":true,\"valueName\":\"search_term_string\"}}],\"inLanguage\":\"fr-FR\"}]}<\/script>\n<!-- \/ Yoast SEO plugin. -->","yoast_head_json":{"title":"Le cycle productif: le bien-\u00eatre de la Blonde d'Aquitaine devient qualit\u00e9","description":"Nous \u00e9levons seulement Blondes d'Aquitaine jeunes et d\u00e9j\u00e0 sevr\u00e9es, dans le jargon Boutards, pour garantir une viande \u00e0 preuve du Consorzio Sigillo Italiano.","robots":{"index":"index","follow":"follow","max-snippet":"max-snippet:-1","max-image-preview":"max-image-preview:large","max-video-preview":"max-video-preview:-1"},"canonical":"https:\/\/www.blonde-aquitaine.com\/fr\/elevage\/","og_locale":"fr_FR","og_type":"article","og_title":"Le cycle productif: le bien-\u00eatre de la Blonde d'Aquitaine devient qualit\u00e9","og_description":"Nous \u00e9levons seulement Blondes d'Aquitaine jeunes et d\u00e9j\u00e0 sevr\u00e9es, dans le jargon Boutards, pour garantir une viande \u00e0 preuve du Consorzio Sigillo Italiano.","og_url":"https:\/\/www.blonde-aquitaine.com\/fr\/elevage\/","og_site_name":"Blonde d&#039;Aquitaine","article_modified_time":"2024-06-24T14:51:51+00:00","twitter_card":"summary_large_image","twitter_misc":{"Dur\u00e9e de lecture estim\u00e9e":"6 minutes"},"schema":{"@context":"https:\/\/schema.org","@graph":[{"@type":"WebPage","@id":"https:\/\/www.blonde-aquitaine.com\/fr\/elevage\/","url":"https:\/\/www.blonde-aquitaine.com\/fr\/elevage\/","name":"Le cycle productif: le bien-\u00eatre de la Blonde d'Aquitaine devient qualit\u00e9","isPartOf":{"@id":"https:\/\/www.blonde-aquitaine.com\/fr\/#website"},"datePublished":"2020-10-05T15:02:00+00:00","dateModified":"2024-06-24T14:51:51+00:00","description":"Nous \u00e9levons seulement Blondes d'Aquitaine jeunes et d\u00e9j\u00e0 sevr\u00e9es, dans le jargon Boutards, pour garantir une viande \u00e0 preuve du Consorzio Sigillo Italiano.","breadcrumb":{"@id":"https:\/\/www.blonde-aquitaine.com\/fr\/elevage\/#breadcrumb"},"inLanguage":"fr-FR","potentialAction":[{"@type":"ReadAction","target":["https:\/\/www.blonde-aquitaine.com\/fr\/elevage\/"]}]},{"@type":"BreadcrumbList","@id":"https:\/\/www.blonde-aquitaine.com\/fr\/elevage\/#breadcrumb","itemListElement":[{"@type":"ListItem","position":1,"name":"Home","item":"https:\/\/www.blonde-aquitaine.com\/fr\/"},{"@type":"ListItem","position":2,"name":"Elevage"}]},{"@type":"WebSite","@id":"https:\/\/www.blonde-aquitaine.com\/fr\/#website","url":"https:\/\/www.blonde-aquitaine.com\/fr\/","name":"Blonde d&#039;Aquitaine","description":"Carne europea naturalmente tenera","potentialAction":[{"@type":"SearchAction","target":{"@type":"EntryPoint","urlTemplate":"https:\/\/www.blonde-aquitaine.com\/fr\/?s={search_term_string}"},"query-input":{"@type":"PropertyValueSpecification","valueRequired":true,"valueName":"search_term_string"}}],"inLanguage":"fr-FR"}]}},"_links":{"self":[{"href":"https:\/\/www.blonde-aquitaine.com\/fr\/wp-json\/wp\/v2\/pages\/2603"}],"collection":[{"href":"https:\/\/www.blonde-aquitaine.com\/fr\/wp-json\/wp\/v2\/pages"}],"about":[{"href":"https:\/\/www.blonde-aquitaine.com\/fr\/wp-json\/wp\/v2\/types\/page"}],"author":[{"embeddable":true,"href":"https:\/\/www.blonde-aquitaine.com\/fr\/wp-json\/wp\/v2\/users\/8"}],"replies":[{"embeddable":true,"href":"https:\/\/www.blonde-aquitaine.com\/fr\/wp-json\/wp\/v2\/comments?post=2603"}],"version-history":[{"count":3,"href":"https:\/\/www.blonde-aquitaine.com\/fr\/wp-json\/wp\/v2\/pages\/2603\/revisions"}],"predecessor-version":[{"id":5289,"href":"https:\/\/www.blonde-aquitaine.com\/fr\/wp-json\/wp\/v2\/pages\/2603\/revisions\/5289"}],"wp:attachment":[{"href":"https:\/\/www.blonde-aquitaine.com\/fr\/wp-json\/wp\/v2\/media?parent=2603"}],"curies":[{"name":"wp","href":"https:\/\/api.w.org\/{rel}","templated":true}]}}